{"id":95007,"date":"2022-11-18T13:31:20","date_gmt":"2022-11-18T12:31:20","guid":{"rendered":"https:\/\/magasin3.com\/?page_id=95007"},"modified":"2024-10-04T11:41:53","modified_gmt":"2024-10-04T09:41:53","slug":"lars-norens-fine-art-library","status":"publish","type":"page","link":"https:\/\/magasin3.com\/en\/lars-norens-fine-art-library\/","title":{"rendered":"Lars Nor\u00e9n\u2019s Fine Art Library"},"content":{"rendered":"\n<p class=\"has-large-font-size\"><strong>Lars Nor\u00e9n&#8217;s Fine Art Library<\/strong><\/p>\n\n\n\n<div class=\"wp-block-columns is-layout-flex wp-container-core-columns-is-layout-28f84493 wp-block-columns-is-layout-flex\">\n<div class=\"wp-block-column is-layout-flow wp-block-column-is-layout-flow\">\n<p class=\"has-text-color has-link-color wp-elements-d08206849553afcfd0ee1be2a929e77e\" style=\"color:#d41717\"><strong>It is currently not possible to visit Lars Nor\u00e9n\u2019s Fine Arts Library.<\/strong><\/p>\n\n\n\n<p>In the Spring of 2022, Magasin III acquired Lars Nor\u00e9n\u2019s private library of fine art books directly from the playwright\u2019s family. The collection contains 247 volumes including publications on art, architecture, design, and the performing arts.<\/p>\n\n\n\n<p>Nor\u00e9n\u2019s Fine Arts Library will be available in our reference library. Here, an inquisitive public and future researchers can experience the intentions and impulses that once inspired Nor\u00e9n\u2019s authorial achievement.<\/p>\n\n\n\n<p><em>Speaking on behalf of the family, I would like to express our joy in the fact that hundreds of art books that inspired Lars in his artistry are now available through Magasin III. We know that Lars valued the work that Magasin III has undertaken for the sake of the arts. So it is particularly gratifying that the collection is now housed there. We expect that Lars\u2019 art books will both delight and inspire many others.<\/em><\/p>\n\n\n\n<p>\u2013 Nelly Bonner, spokesperson for the family of Lars Nor\u00e9n<\/p>\n\n\n\n<p><\/p>\n<\/div>\n\n\n\n<div class=\"wp-block-column is-layout-flow wp-block-column-is-layout-flow\">\n  <section class=\"slideshow\">\n\n    \n      <div class=\"slideshow__item\">\n          \n\n          \n            <picture class=\"slideshow__image\">\n              <source media=\"(max-width: 480px)\"  srcset=\"https:\/\/cdn.magasin3.com\/uploads\/2022\/05\/art-library-noren_01_jean-baptiste-beranger-338x450.jpg\">\n              <source media=\"(max-width: 768px)\"  srcset=\"https:\/\/cdn.magasin3.com\/uploads\/2022\/05\/art-library-noren_01_jean-baptiste-beranger-768x1024.jpg\">\n              <source media=\"(max-width: 1024px)\" srcset=\"https:\/\/cdn.magasin3.com\/uploads\/2022\/05\/art-library-noren_01_jean-baptiste-beranger-1500x2000.jpg\">\n              <img decoding=\"async\" src=\"https:\/\/cdn.magasin3.com\/uploads\/2022\/05\/art-library-noren_01_jean-baptiste-beranger.jpg\" alt=\"magasin3.com\" >\n            <\/picture>\n\n          \n          \n          \n      <\/div>\n\n    \n      <div class=\"slideshow__item\">\n          \n\n          \n            <picture class=\"slideshow__image\">\n              <source media=\"(max-width: 480px)\"  srcset=\"https:\/\/cdn.magasin3.com\/uploads\/2022\/05\/art-library-noren_02_jean-baptiste-beranger-554x416.jpg\">\n              <source media=\"(max-width: 768px)\"  srcset=\"https:\/\/cdn.magasin3.com\/uploads\/2022\/05\/art-library-noren_02_jean-baptiste-beranger-768x576.jpg\">\n              <source media=\"(max-width: 1024px)\" srcset=\"https:\/\/cdn.magasin3.com\/uploads\/2022\/05\/art-library-noren_02_jean-baptiste-beranger-2000x1500.jpg\">\n              <img decoding=\"async\" src=\"https:\/\/cdn.magasin3.com\/uploads\/2022\/05\/art-library-noren_02_jean-baptiste-beranger.jpg\" alt=\"magasin3.com\" >\n            <\/picture>\n\n          \n          \n          \n      <\/div>\n\n    \n  <\/section>\n\n  \n  \n\n<\/div>\n<\/div>\n\n\n\n<hr class=\"wp-block-separator has-alpha-channel-opacity\"\/>\n\n\n\n  <section class=\"slideshow\">\n\n    \n      <div class=\"slideshow__item\">\n          \n\n          \n            <picture class=\"slideshow__image\">\n              <source media=\"(max-width: 480px)\"  srcset=\"https:\/\/cdn.magasin3.com\/uploads\/2022\/05\/exlibris-wahlstrand_01_jean-baptiste-beranger-338x450.jpg\">\n              <source media=\"(max-width: 768px)\"  srcset=\"https:\/\/cdn.magasin3.com\/uploads\/2022\/05\/exlibris-wahlstrand_01_jean-baptiste-beranger-768x1024.jpg\">\n              <source media=\"(max-width: 1024px)\" srcset=\"https:\/\/cdn.magasin3.com\/uploads\/2022\/05\/exlibris-wahlstrand_01_jean-baptiste-beranger-1500x2000.jpg\">\n              <img decoding=\"async\" src=\"https:\/\/cdn.magasin3.com\/uploads\/2022\/05\/exlibris-wahlstrand_01_jean-baptiste-beranger.jpg\" alt=\"magasin3.com\" >\n            <\/picture>\n\n          \n          \n          \n      <\/div>\n\n    \n      <div class=\"slideshow__item\">\n          \n\n          \n            <picture class=\"slideshow__image\">\n              <source media=\"(max-width: 480px)\"  srcset=\"https:\/\/cdn.magasin3.com\/uploads\/2022\/05\/exlibris-wahlstrand_02_jean-baptiste-beranger-554x416.jpg\">\n              <source media=\"(max-width: 768px)\"  srcset=\"https:\/\/cdn.magasin3.com\/uploads\/2022\/05\/exlibris-wahlstrand_02_jean-baptiste-beranger-768x576.jpg\">\n              <source media=\"(max-width: 1024px)\" srcset=\"https:\/\/cdn.magasin3.com\/uploads\/2022\/05\/exlibris-wahlstrand_02_jean-baptiste-beranger-2000x1500.jpg\">\n              <img decoding=\"async\" src=\"https:\/\/cdn.magasin3.com\/uploads\/2022\/05\/exlibris-wahlstrand_02_jean-baptiste-beranger.jpg\" alt=\"magasin3.com\" >\n            <\/picture>\n\n          \n          \n          \n      <\/div>\n\n    \n      <div class=\"slideshow__item\">\n          \n\n          \n            <picture class=\"slideshow__image\">\n              <source media=\"(max-width: 480px)\"  srcset=\"https:\/\/cdn.magasin3.com\/uploads\/2022\/05\/exlibris-wahlstrand_03_jean-baptiste-beranger-554x416.jpg\">\n              <source media=\"(max-width: 768px)\"  srcset=\"https:\/\/cdn.magasin3.com\/uploads\/2022\/05\/exlibris-wahlstrand_03_jean-baptiste-beranger-768x576.jpg\">\n              <source media=\"(max-width: 1024px)\" srcset=\"https:\/\/cdn.magasin3.com\/uploads\/2022\/05\/exlibris-wahlstrand_03_jean-baptiste-beranger-2000x1500.jpg\">\n              <img decoding=\"async\" src=\"https:\/\/cdn.magasin3.com\/uploads\/2022\/05\/exlibris-wahlstrand_03_jean-baptiste-beranger.jpg\" alt=\"magasin3.com\" >\n            <\/picture>\n\n          \n          \n          \n      <\/div>\n\n    \n  <\/section>\n\n  \n  \n\n\n\n\n<div class=\"wp-block-columns is-layout-flex wp-container-core-columns-is-layout-28f84493 wp-block-columns-is-layout-flex\">\n<div class=\"wp-block-column is-layout-flow wp-block-column-is-layout-flow\" style=\"flex-basis:66.66%\">\n<p><strong>Ex Libris by Gunnel W\u00e5hlstrand<\/strong><\/p>\n\n\n\n<p>As an homage to Lars Nor\u00e9n, Magasin III has designed an ex libris for his collection of art books. Its design is extracted from a motif by artist Gunnel W\u00e5hlstrand, specially created for this purpose.<\/p>\n\n\n\n<p>Nor\u00e9n and W\u00e5hlstrand crossed paths in 2017, in connection with W\u00e5hlstrand\u2019s solo exhibition at Magasin III that year. Lars Nor\u00e9n wrote an equally thought-provoking and insightful essay for the exhibition catalog. In personal, preparatory conversations with curator David Neuman, Nor\u00e9n expressed his fascination with and fervor for W\u00e5hlstrand\u2019s visual world, and not least the importance of visual art for his own creativity.<\/p>\n\n\n\n<p><em>Opening this library to the general public means sharing one facet of the material that Lars Nor\u00e9n tapped into in his private life, a wonderful treasure of great cultural value. One is bowled over, while leafing through it, by his interests and preferences. The idea behind this art library reflects Lars\u2019 own wishes not to hide anything, but to grant access to anyone interested in learning more about the visual arts or discovering a novel side of a unique and significant playwright.<\/em><\/p>\n\n\n\n<p>\u2013 David Neuman, Director Emeritus<\/p>\n\n\n\n<p>In connection with the opening of Lars Nor\u00e9n\u2019s art library, we are exhibiting graphic works of Gunnel W\u00e5hlstrand in our reference library. All these works are from Magasin III\u2019s collection, except for the painting whose motif served as a model of the bookplate, which belongs to the artist.<\/p>\n<\/div>\n\n\n\n<div class=\"wp-block-column is-layout-flow wp-block-column-is-layout-flow\" style=\"flex-basis:33.33%\"><\/div>\n<\/div>\n\n\n\n<hr class=\"wp-block-separator has-alpha-channel-opacity\"\/>\n\n\n\n<div class=\"wp-block-columns is-layout-flex wp-container-core-columns-is-layout-28f84493 wp-block-columns-is-layout-flex\">\n<div class=\"wp-block-column is-layout-flow wp-block-column-is-layout-flow\" style=\"flex-basis:33.33%\">\n<figure class=\"wp-block-image size-large\"><img loading=\"lazy\" decoding=\"async\" width=\"1333\" height=\"2000\" src=\"https:\/\/cdn.magasin3.com\/uploads\/2022\/05\/lars-noren_2012_foto-lina-ikse-1333x2000.jpg\" alt=\"\" class=\"wp-image-93245\" srcset=\"https:\/\/cdn.magasin3.com\/uploads\/2022\/05\/lars-noren_2012_foto-lina-ikse-1333x2000.jpg 1333w, https:\/\/cdn.magasin3.com\/uploads\/2022\/05\/lars-noren_2012_foto-lina-ikse-300x450.jpg 300w, https:\/\/cdn.magasin3.com\/uploads\/2022\/05\/lars-noren_2012_foto-lina-ikse-133x200.jpg 133w, https:\/\/cdn.magasin3.com\/uploads\/2022\/05\/lars-noren_2012_foto-lina-ikse-768x1152.jpg 768w, https:\/\/cdn.magasin3.com\/uploads\/2022\/05\/lars-noren_2012_foto-lina-ikse-1024x1536.jpg 1024w, https:\/\/cdn.magasin3.com\/uploads\/2022\/05\/lars-noren_2012_foto-lina-ikse-1365x2048.jpg 1365w, https:\/\/cdn.magasin3.com\/uploads\/2022\/05\/lars-noren_2012_foto-lina-ikse-455x683.jpg 455w, https:\/\/cdn.magasin3.com\/uploads\/2022\/05\/lars-noren_2012_foto-lina-ikse-267x400.jpg 267w, https:\/\/cdn.magasin3.com\/uploads\/2022\/05\/lars-noren_2012_foto-lina-ikse-640x960.jpg 640w, https:\/\/cdn.magasin3.com\/uploads\/2022\/05\/lars-noren_2012_foto-lina-ikse-149x223.jpg 149w, https:\/\/cdn.magasin3.com\/uploads\/2022\/05\/lars-noren_2012_foto-lina-ikse-80x120.jpg 80w, https:\/\/cdn.magasin3.com\/uploads\/2022\/05\/lars-noren_2012_foto-lina-ikse-600x900.jpg 600w\" sizes=\"auto, (max-width: 1333px) 100vw, 1333px\" \/><figcaption class=\"wp-element-caption\">Photography: Lina Ikse<\/figcaption><\/figure>\n<\/div>\n\n\n\n<div class=\"wp-block-column is-layout-flow wp-block-column-is-layout-flow\" style=\"flex-basis:66.66%\">\n<p><strong>Lars Nor\u00e9n<\/strong>&nbsp;(1944\u20132021) is among one of the most played contemporary playwrights in Europe and larger parts of the world. He was also a novelist, poet, and director, having directed both his own and others\u2019 plays. His plays often explore relationships within families. In 2003 he received the Nordic Prize and in 2013 the Bellman Prize, both from the Swedish Academy.<\/p>\n\n\n\n<p>Lars Nor\u00e9n passed away during the COVID-19 pandemic in 2021, 76 years old.<\/p>\n<\/div>\n<\/div>\n\n\n\n<hr class=\"wp-block-separator has-alpha-channel-opacity\"\/>\n\n\n\n<div class=\"wp-block-columns is-layout-flex wp-container-core-columns-is-layout-28f84493 wp-block-columns-is-layout-flex\">\n<div class=\"wp-block-column is-layout-flow wp-block-column-is-layout-flow\" style=\"flex-basis:33.33%\">\n<figure class=\"wp-block-image size-large\"><img loading=\"lazy\" decoding=\"async\" width=\"2000\" height=\"2000\" src=\"https:\/\/cdn.magasin3.com\/uploads\/2022\/05\/gunnel_wahlstrand_mikael_olsson-2000x2000.jpg\" alt=\"\" class=\"wp-image-93271\" srcset=\"https:\/\/cdn.magasin3.com\/uploads\/2022\/05\/gunnel_wahlstrand_mikael_olsson-2000x2000.jpg 2000w, https:\/\/cdn.magasin3.com\/uploads\/2022\/05\/gunnel_wahlstrand_mikael_olsson-450x450.jpg 450w, https:\/\/cdn.magasin3.com\/uploads\/2022\/05\/gunnel_wahlstrand_mikael_olsson-200x200.jpg 200w, https:\/\/cdn.magasin3.com\/uploads\/2022\/05\/gunnel_wahlstrand_mikael_olsson-768x768.jpg 768w, https:\/\/cdn.magasin3.com\/uploads\/2022\/05\/gunnel_wahlstrand_mikael_olsson-1536x1536.jpg 1536w, https:\/\/cdn.magasin3.com\/uploads\/2022\/05\/gunnel_wahlstrand_mikael_olsson-2048x2048.jpg 2048w, https:\/\/cdn.magasin3.com\/uploads\/2022\/05\/gunnel_wahlstrand_mikael_olsson-125x125.jpg 125w, https:\/\/cdn.magasin3.com\/uploads\/2022\/05\/gunnel_wahlstrand_mikael_olsson-683x683.jpg 683w, https:\/\/cdn.magasin3.com\/uploads\/2022\/05\/gunnel_wahlstrand_mikael_olsson-400x400.jpg 400w, https:\/\/cdn.magasin3.com\/uploads\/2022\/05\/gunnel_wahlstrand_mikael_olsson-640x640.jpg 640w, https:\/\/cdn.magasin3.com\/uploads\/2022\/05\/gunnel_wahlstrand_mikael_olsson-223x223.jpg 223w, https:\/\/cdn.magasin3.com\/uploads\/2022\/05\/gunnel_wahlstrand_mikael_olsson-120x120.jpg 120w, https:\/\/cdn.magasin3.com\/uploads\/2022\/05\/gunnel_wahlstrand_mikael_olsson-300x300.jpg 300w, https:\/\/cdn.magasin3.com\/uploads\/2022\/05\/gunnel_wahlstrand_mikael_olsson-600x600.jpg 600w, https:\/\/cdn.magasin3.com\/uploads\/2022\/05\/gunnel_wahlstrand_mikael_olsson-100x100.jpg 100w\" sizes=\"auto, (max-width: 2000px) 100vw, 2000px\" \/><figcaption class=\"wp-element-caption\">Photography: Mikael Olsson<\/figcaption><\/figure>\n<\/div>\n\n\n\n<div class=\"wp-block-column is-layout-flow wp-block-column-is-layout-flow\" style=\"flex-basis:66.66%\">\n<p><strong>Gunnel W\u00e5hlstrand<\/strong>&nbsp;was born in 1974 in Uppsala, Sweden. In 2003 she graduated from the Royal University College of Fine Arts, Stockholm, and has since gotten great recognition for her large ink-wash paintings. She has been honored with a number of grants from prestigious organizations including The Swedish Arts Grant and the Maria Bonnier Dahlins Stiftelse. Magasin III has had two solo exhibitions with Gunnel W\u00e5hlstrand \u2013 in 2006, curated by David Neuman, and in 2017, curated by Bronwyn Griffith and David Neuman.<\/p>\n<\/div>\n<\/div>\n","protected":false},"excerpt":{"rendered":"<p>Lars Nor\u00e9n&#8217;s Fine Art Library It is currently not possible to visit Lars Nor\u00e9n\u2019s Fine Arts Library. In the Spring of 2022, Magasin III acquired Lars Nor\u00e9n\u2019s private library of fine art books directly from &#8230;<\/p>\n","protected":false},"author":1,"featured_media":0,"parent":0,"menu_order":0,"comment_status":"closed","ping_status":"closed","template":"","meta":{"_acf_changed":false,"_relevanssi_hide_post":"","_relevanssi_hide_content":"","_relevanssi_pin_for_all":"","_relevanssi_pin_keywords":"","_relevanssi_unpin_keywords":"","_relevanssi_related_keywords":"","_relevanssi_related_include_ids":"","_relevanssi_related_exclude_ids":"","_relevanssi_related_no_append":"","_relevanssi_related_not_related":"","_relevanssi_related_posts":"98788,71238,77084,98168,98783,98778","_relevanssi_noindex_reason":"","footnotes":"","_links_to":"","_links_to_target":""},"class_list":["post-95007","page","type-page","status-publish","hentry"],"acf":[],"yoast_head":"<!-- This site is optimized with the Yoast SEO plugin v27.4 - https:\/\/yoast.com\/product\/yoast-seo-wordpress\/ -->\n<title>Lars Nor\u00e9n\u2019s Fine Art Library - Magasin III<\/title>\n<meta name=\"robots\" content=\"index, follow, max-snippet:-1, max-image-preview:large, max-video-preview:-1\" \/>\n<link rel=\"canonical\" href=\"https:\/\/magasin3.com\/en\/lars-norens-fine-art-library\/\" \/>\n<meta property=\"og:locale\" content=\"en_US\" \/>\n<meta property=\"og:type\" content=\"article\" \/>\n<meta property=\"og:title\" content=\"Lars Nor\u00e9n\u2019s Fine Art Library - Magasin III\" \/>\n<meta property=\"og:description\" content=\"Lars Nor\u00e9n&#8217;s Fine Art Library It is currently not possible to visit Lars Nor\u00e9n\u2019s Fine Arts Library. In the Spring of 2022, Magasin III acquired Lars Nor\u00e9n\u2019s private library of fine art books directly from ...\" \/>\n<meta property=\"og:url\" content=\"https:\/\/magasin3.com\/en\/lars-norens-fine-art-library\/\" \/>\n<meta property=\"og:site_name\" content=\"Magasin III\" \/>\n<meta property=\"article:modified_time\" content=\"2024-10-04T09:41:53+00:00\" \/>\n<meta property=\"og:image\" content=\"https:\/\/cdn.magasin3.com\/uploads\/2022\/05\/lars-noren_2012_foto-lina-ikse-1333x2000.jpg\" \/>\n<meta name=\"twitter:label1\" content=\"Est. reading time\" \/>\n\t<meta name=\"twitter:data1\" content=\"4 minutes\" \/>\n<!-- \/ Yoast SEO plugin. -->","yoast_head_json":{"title":"Lars Nor\u00e9n\u2019s Fine Art Library - Magasin III","robots":{"index":"index","follow":"follow","max-snippet":"max-snippet:-1","max-image-preview":"max-image-preview:large","max-video-preview":"max-video-preview:-1"},"canonical":"https:\/\/magasin3.com\/en\/lars-norens-fine-art-library\/","og_locale":"en_US","og_type":"article","og_title":"Lars Nor\u00e9n\u2019s Fine Art Library - Magasin III","og_description":"Lars Nor\u00e9n&#8217;s Fine Art Library It is currently not possible to visit Lars Nor\u00e9n\u2019s Fine Arts Library. In the Spring of 2022, Magasin III acquired Lars Nor\u00e9n\u2019s private library of fine art books directly from ...","og_url":"https:\/\/magasin3.com\/en\/lars-norens-fine-art-library\/","og_site_name":"Magasin III","article_modified_time":"2024-10-04T09:41:53+00:00","og_image":[{"url":"https:\/\/cdn.magasin3.com\/uploads\/2022\/05\/lars-noren_2012_foto-lina-ikse-1333x2000.jpg","type":"","width":"","height":""}],"twitter_misc":{"Est. reading time":"4 minutes"},"schema":{"@context":"https:\/\/schema.org","@graph":[{"@type":"WebPage","@id":"https:\/\/magasin3.com\/en\/lars-norens-fine-art-library\/","url":"https:\/\/magasin3.com\/en\/lars-norens-fine-art-library\/","name":"Lars Nor\u00e9n\u2019s Fine Art Library - Magasin III","isPartOf":{"@id":"https:\/\/www.magasin3.com\/en\/#website"},"primaryImageOfPage":{"@id":"https:\/\/magasin3.com\/en\/lars-norens-fine-art-library\/#primaryimage"},"image":{"@id":"https:\/\/magasin3.com\/en\/lars-norens-fine-art-library\/#primaryimage"},"thumbnailUrl":"https:\/\/cdn.magasin3.com\/uploads\/2022\/05\/lars-noren_2012_foto-lina-ikse-1333x2000.jpg","datePublished":"2022-11-18T12:31:20+00:00","dateModified":"2024-10-04T09:41:53+00:00","breadcrumb":{"@id":"https:\/\/magasin3.com\/en\/lars-norens-fine-art-library\/#breadcrumb"},"inLanguage":"en-US","potentialAction":[{"@type":"ReadAction","target":["https:\/\/magasin3.com\/en\/lars-norens-fine-art-library\/"]}]},{"@type":"ImageObject","inLanguage":"en-US","@id":"https:\/\/magasin3.com\/en\/lars-norens-fine-art-library\/#primaryimage","url":"https:\/\/cdn.magasin3.com\/uploads\/2022\/05\/lars-noren_2012_foto-lina-ikse-1333x2000.jpg","contentUrl":"https:\/\/cdn.magasin3.com\/uploads\/2022\/05\/lars-noren_2012_foto-lina-ikse-1333x2000.jpg"},{"@type":"BreadcrumbList","@id":"https:\/\/magasin3.com\/en\/lars-norens-fine-art-library\/#breadcrumb","itemListElement":[{"@type":"ListItem","position":1,"name":"Hem","item":"https:\/\/magasin3.com\/en\/"},{"@type":"ListItem","position":2,"name":"Lars Nor\u00e9n\u2019s Fine Art Library"}]},{"@type":"WebSite","@id":"https:\/\/www.magasin3.com\/en\/#website","url":"https:\/\/www.magasin3.com\/en\/","name":"Magasin III","description":"Museum for Contemporary Art","potentialAction":[{"@type":"SearchAction","target":{"@type":"EntryPoint","urlTemplate":"https:\/\/www.magasin3.com\/en\/?s={search_term_string}"},"query-input":{"@type":"PropertyValueSpecification","valueRequired":true,"valueName":"search_term_string"}}],"inLanguage":"en-US"}]}},"_links":{"self":[{"href":"https:\/\/magasin3.com\/en\/wp-json\/wp\/v2\/pages\/95007","targetHints":{"allow":["GET"]}}],"collection":[{"href":"https:\/\/magasin3.com\/en\/wp-json\/wp\/v2\/pages"}],"about":[{"href":"https:\/\/magasin3.com\/en\/wp-json\/wp\/v2\/types\/page"}],"author":[{"embeddable":true,"href":"https:\/\/magasin3.com\/en\/wp-json\/wp\/v2\/users\/1"}],"replies":[{"embeddable":true,"href":"https:\/\/magasin3.com\/en\/wp-json\/wp\/v2\/comments?post=95007"}],"version-history":[{"count":6,"href":"https:\/\/magasin3.com\/en\/wp-json\/wp\/v2\/pages\/95007\/revisions"}],"predecessor-version":[{"id":150112,"href":"https:\/\/magasin3.com\/en\/wp-json\/wp\/v2\/pages\/95007\/revisions\/150112"}],"wp:attachment":[{"href":"https:\/\/magasin3.com\/en\/wp-json\/wp\/v2\/media?parent=95007"}],"curies":[{"name":"wp","href":"https:\/\/api.w.org\/{rel}","templated":true}]}}